{"id":580,"date":"2019-08-09T12:58:03","date_gmt":"2019-08-09T12:58:03","guid":{"rendered":"https:\/\/ramib.org\/oficial\/?page_id=580"},"modified":"2026-02-23T20:24:42","modified_gmt":"2026-02-23T20:24:42","slug":"inici","status":"publish","type":"page","link":"https:\/\/ramib.org\/oficial\/","title":{"rendered":"Inici"},"content":{"rendered":"<div id=\"td_uid_1_69f1e3b6114e4\" class=\"tdc-row\"><div class=\"vc_row td_uid_1_69f1e3b6114e9_rand  wpb_row td-pb-row\" >\n<style scoped>\n\n\/* custom css *\/\n.td_uid_1_69f1e3b6114e9_rand {\r\n                    min-height: 0;\r\n                }\n<\/style><div class=\"vc_column td_uid_2_69f1e3b611811_rand  wpb_column vc_column_container tdc-column td-pb-span12\">\n<style scoped>\n\n\/* custom css *\/\n.td_uid_2_69f1e3b611811_rand {\r\n                    vertical-align: baseline;\r\n                }\n<\/style><div class=\"wpb_wrapper\"><div class=\"td_block_wrap td_block_big_grid_2 td_uid_4_69f1e3b6155d4_rand td-grid-style-1 td-hover-1 td-big-grids td-pb-border-top td_block_template_1\"  data-td-block-uid=\"td_uid_4_69f1e3b6155d4\" ><div id=td_uid_4_69f1e3b6155d4 class=\"td_block_inner\"><div class=\"td-big-grid-wrapper\">\r\n        <div class=\"td_module_mx9 td-animation-stack td-big-grid-post-0 td-big-grid-post td-big-thumb\">\r\n            <div class=\"td-module-thumb\"><a href=\"https:\/\/ramib.org\/oficial\/index.php\/2026\/04\/06\/7242\/\" rel=\"bookmark\" class=\"td-image-wrap\" title=\"14\/04\/2026: Sine Dolore se vive mejor\"><img loading=\"lazy\" decoding=\"async\" width=\"741\" height=\"486\" class=\"entry-thumb\" src=\"https:\/\/ramib.org\/oficial\/wp-content\/uploads\/2026\/04\/moya-portada-741x486.jpg\"  srcset=\"https:\/\/ramib.org\/oficial\/wp-content\/uploads\/2026\/04\/moya-portada-741x486.jpg 741w, https:\/\/ramib.org\/oficial\/wp-content\/uploads\/2026\/04\/moya-portada-300x198.jpg 300w\" sizes=\"(max-width: 741px) 100vw, 741px\"  alt=\"\" title=\"14\/04\/2026: Sine Dolore se vive mejor\" \/><\/a><\/div>            <div class=\"td-meta-info-container\">\r\n                <div class=\"td-meta-align\">\r\n                    <div class=\"td-big-grid-meta\">\r\n                                                <h3 class=\"entry-title td-module-title\"><a href=\"https:\/\/ramib.org\/oficial\/index.php\/2026\/04\/06\/7242\/\" rel=\"bookmark\" title=\"14\/04\/2026: Sine Dolore se vive mejor\">14\/04\/2026: Sine Dolore se vive mejor<\/a><\/h3>                    <\/div>\r\n                    <div class=\"td-module-meta-info\">\r\n                        <span class=\"td-post-author-name\"><a href=\"https:\/\/ramib.org\/oficial\/index.php\/author\/ad_dramib\/\">RAMIB<\/a> <span>-<\/span> <\/span>                        <span class=\"td-post-date\"><time class=\"entry-date updated td-module-date\" datetime=\"2026-04-06T19:52:02+00:00\" >abril 6, 2026<\/time><\/span>                    <\/div>\r\n                <\/div>\r\n            <\/div>\r\n\r\n        <\/div>\r\n\r\n        <div class=\"td-big-grid-scroll\">\r\n        <div class=\"td_module_mx10 td-animation-stack td-big-grid-post-1 td-big-grid-post td-small-thumb\">\r\n            <div class=\"td-module-thumb\"><a href=\"https:\/\/ramib.org\/oficial\/index.php\/2026\/04\/06\/els-nous-injectables-contra-lobesitat-eficacia-riscos-i-us-adequat\/\" rel=\"bookmark\" class=\"td-image-wrap\" title=\"\"><img loading=\"lazy\" decoding=\"async\" width=\"324\" height=\"160\" class=\"entry-thumb\" src=\"https:\/\/ramib.org\/oficial\/wp-content\/uploads\/2026\/04\/portada-obesidad-catalan-1-324x160.jpg\"  srcset=\"https:\/\/ramib.org\/oficial\/wp-content\/uploads\/2026\/04\/portada-obesidad-catalan-1-324x160.jpg 324w, https:\/\/ramib.org\/oficial\/wp-content\/uploads\/2026\/04\/portada-obesidad-catalan-1-533x261.jpg 533w\" sizes=\"(max-width: 324px) 100vw, 324px\"  alt=\"\" title=\"\" \/><\/a><\/div>            <div class=\"td-meta-info-container\">\r\n                <div class=\"td-meta-align\">\r\n                    <div class=\"td-big-grid-meta\">\r\n                                                <h3 class=\"entry-title td-module-title\"><a href=\"https:\/\/ramib.org\/oficial\/index.php\/2026\/04\/06\/els-nous-injectables-contra-lobesitat-eficacia-riscos-i-us-adequat\/\" rel=\"bookmark\" title=\"\"><\/a><\/h3>                    <\/div>\r\n                <\/div>\r\n            <\/div>\r\n\r\n        <\/div>\r\n\r\n        \r\n        <div class=\"td_module_mx10 td-animation-stack td-big-grid-post-2 td-big-grid-post td-small-thumb\">\r\n            <div class=\"td-module-thumb\"><a href=\"https:\/\/ramib.org\/oficial\/index.php\/2026\/03\/13\/7178\/\" rel=\"bookmark\" class=\"td-image-wrap\" title=\"19\/03\/2026: \u201cDels algorismes a les decisions cl\u00edniques: Entendre i regular la Intel\u00b7lig\u00e8ncia Artificial en Medicina\u201d\"><img loading=\"lazy\" decoding=\"async\" width=\"324\" height=\"160\" class=\"entry-thumb\" src=\"https:\/\/ramib.org\/oficial\/wp-content\/uploads\/2026\/03\/IMG_20260319_190853-324x160.jpg\"  srcset=\"https:\/\/ramib.org\/oficial\/wp-content\/uploads\/2026\/03\/IMG_20260319_190853-324x160.jpg 324w, https:\/\/ramib.org\/oficial\/wp-content\/uploads\/2026\/03\/IMG_20260319_190853-533x261.jpg 533w\" sizes=\"(max-width: 324px) 100vw, 324px\"  alt=\"\" title=\"19\/03\/2026: \u201cDels algorismes a les decisions cl\u00edniques: Entendre i regular la Intel\u00b7lig\u00e8ncia Artificial en Medicina\u201d\" \/><\/a><\/div>            <div class=\"td-meta-info-container\">\r\n                <div class=\"td-meta-align\">\r\n                    <div class=\"td-big-grid-meta\">\r\n                                                <h3 class=\"entry-title td-module-title\"><a href=\"https:\/\/ramib.org\/oficial\/index.php\/2026\/03\/13\/7178\/\" rel=\"bookmark\" title=\"19\/03\/2026: \u201cDels algorismes a les decisions cl\u00edniques: Entendre i regular la Intel\u00b7lig\u00e8ncia Artificial en Medicina\u201d\">19\/03\/2026: \u201cDels algorismes a les decisions cl\u00edniques: Entendre i regular la Intel\u00b7lig\u00e8ncia Artificial en Medicina\u201d<\/a><\/h3>                    <\/div>\r\n                <\/div>\r\n            <\/div>\r\n\r\n        <\/div>\r\n\r\n        \r\n        <div class=\"td_module_mx10 td-animation-stack td-big-grid-post-3 td-big-grid-post td-small-thumb\">\r\n            <div class=\"td-module-thumb\"><a href=\"https:\/\/ramib.org\/oficial\/index.php\/2026\/02\/27\/7107\/\" rel=\"bookmark\" class=\"td-image-wrap\" title=\"03\/03\/2026: Desenvolupament del programa de c\u00e0ncer de c\u00f2lon a Balears: Paper crucial de l&#8217;Associaci\u00f3 Espanyola Contra el C\u00e0ncer\"><img loading=\"lazy\" decoding=\"async\" width=\"324\" height=\"160\" class=\"entry-thumb\" src=\"https:\/\/ramib.org\/oficial\/wp-content\/uploads\/2026\/02\/IMG_20260303_190020-324x160.jpg\"  srcset=\"https:\/\/ramib.org\/oficial\/wp-content\/uploads\/2026\/02\/IMG_20260303_190020-324x160.jpg 324w, https:\/\/ramib.org\/oficial\/wp-content\/uploads\/2026\/02\/IMG_20260303_190020-533x261.jpg 533w\" sizes=\"(max-width: 324px) 100vw, 324px\"  alt=\"\" title=\"03\/03\/2026: Desenvolupament del programa de c\u00e0ncer de c\u00f2lon a Balears: Paper crucial de l&#8217;Associaci\u00f3 Espanyola Contra el C\u00e0ncer\" \/><\/a><\/div>            <div class=\"td-meta-info-container\">\r\n                <div class=\"td-meta-align\">\r\n                    <div class=\"td-big-grid-meta\">\r\n                                                <h3 class=\"entry-title td-module-title\"><a href=\"https:\/\/ramib.org\/oficial\/index.php\/2026\/02\/27\/7107\/\" rel=\"bookmark\" title=\"03\/03\/2026: Desenvolupament del programa de c\u00e0ncer de c\u00f2lon a Balears: Paper crucial de l&#8217;Associaci\u00f3 Espanyola Contra el C\u00e0ncer\">03\/03\/2026: Desenvolupament del programa de c\u00e0ncer de c\u00f2lon a Balears: Paper crucial de l&#8217;Associaci\u00f3 Espanyola Contra el C\u00e0ncer<\/a><\/h3>                    <\/div>\r\n                <\/div>\r\n            <\/div>\r\n\r\n        <\/div>\r\n\r\n        <\/div><\/div><div class=\"clearfix\"><\/div><\/div><\/div> <!-- .\/block --><\/div><\/div><\/div><\/div><div id=\"td_uid_3_69f1e3b61789d\" class=\"tdc-row\"><div class=\"vc_row td_uid_5_69f1e3b6178a0_rand  wpb_row td-pb-row\" >\n<style scoped>\n\n\/* custom css *\/\n.td_uid_5_69f1e3b6178a0_rand {\r\n                    min-height: 0;\r\n                }\n<\/style><div class=\"vc_column td_uid_6_69f1e3b6179e0_rand  wpb_column vc_column_container tdc-column td-pb-span12\">\n<style scoped>\n\n\/* custom css *\/\n.td_uid_6_69f1e3b6179e0_rand {\r\n                    vertical-align: baseline;\r\n                }\n<\/style><div class=\"wpb_wrapper\">[vc_text_separator title=&#8221;DESTAQUEM&#8221; i_icon_fontawesome=&#8221;fa fa-heartbeat&#8221; color=&#8221;sandy_brown&#8221; style=&#8221;dotted&#8221; add_icon=&#8221;true&#8221;]<div class=\"vc_row_inner td_uid_7_69f1e3b617a87_rand  vc_row vc_inner wpb_row td-pb-row\" >\n<style scoped>\n\n\/* custom css *\/\n.td_uid_7_69f1e3b617a87_rand {\r\n                    position: relative !important;\r\n                    top: 0;\r\n                    transform: none;\r\n                    -webkit-transform: none;\r\n                }\n<\/style><div class=\"vc_column_inner td_uid_8_69f1e3b617b54_rand  wpb_column vc_column_container tdc-inner-column td-pb-span3\">\n<style scoped>\n\n\/* custom css *\/\n.td_uid_8_69f1e3b617b54_rand {\r\n                    vertical-align: baseline;\r\n                }\n<\/style><div class=\"vc_column-inner\"><div class=\"wpb_wrapper\">[vc_single_image image=&#8221;5816&#8243; img_size=&#8221;280&#215;258&#8243; style=&#8221;vc_box_border&#8221; onclick=&#8221;custom_link&#8221; css_animation=&#8221;bounceInLeft&#8221; link=&#8221;https:\/\/ramib.org\/oficial\/index.php\/events\/&#8221;]<\/div><\/div><\/div><div class=\"vc_column_inner td_uid_9_69f1e3b617bc8_rand  wpb_column vc_column_container tdc-inner-column td-pb-span3\">\n<style scoped>\n\n\/* custom css *\/\n.td_uid_9_69f1e3b617bc8_rand {\r\n                    vertical-align: baseline;\r\n                }\n<\/style><div class=\"vc_column-inner\"><div class=\"wpb_wrapper\">[vc_single_image image=&#8221;2647&#8243; img_size=&#8221;280&#215;258&#8243; alignment=&#8221;center&#8221; style=&#8221;vc_box_border&#8221; onclick=&#8221;custom_link&#8221; css_animation=&#8221;bounceInDown&#8221; link=&#8221;https:\/\/arxiu-historic.uib.cat\/index.php\/arxiu-historic-de-la-reial-academia-de-medicina-de-les-illes-balears&#8221;]<\/div><\/div><\/div><div class=\"vc_column_inner td_uid_10_69f1e3b617c1b_rand  wpb_column vc_column_container tdc-inner-column td-pb-span3\">\n<style scoped>\n\n\/* custom css *\/\n.td_uid_10_69f1e3b617c1b_rand {\r\n                    vertical-align: baseline;\r\n                }\n<\/style><div class=\"vc_column-inner\"><div class=\"wpb_wrapper\">[vc_single_image image=&#8221;7079&#8243; img_size=&#8221;280X200&#8243; alignment=&#8221;center&#8221; style=&#8221;vc_box_border&#8221; onclick=&#8221;custom_link&#8221; css_animation=&#8221;bounceInUp&#8221; link=&#8221;https:\/\/ramib.org\/oficial\/index.php\/2026\/01\/23\/programa-de-premis-convocats-per-al-curs-2026\/&#8221;]<\/div><\/div><\/div><div class=\"vc_column_inner td_uid_11_69f1e3b617c63_rand  wpb_column vc_column_container tdc-inner-column td-pb-span3\">\n<style scoped>\n\n\/* custom css *\/\n.td_uid_11_69f1e3b617c63_rand {\r\n                    vertical-align: baseline;\r\n                }\n<\/style><div class=\"vc_column-inner\"><div class=\"wpb_wrapper\">[vc_single_image image=&#8221;7081&#8243; img_size=&#8221;280&#215;200&#8243; alignment=&#8221;center&#8221; style=&#8221;vc_box_border&#8221; onclick=&#8221;custom_link&#8221; css_animation=&#8221;bounceInRight&#8221; link=&#8221;https:\/\/ramib.org\/oficial\/index.php\/2026\/01\/31\/sessio-inaugural-del-curs-academic-2026\/&#8221;]<\/div><\/div><\/div><\/div><div class=\"vc_row_inner td_uid_12_69f1e3b617cce_rand  vc_row vc_inner wpb_row td-pb-row\" >\n<style scoped>\n\n\/* custom css *\/\n.td_uid_12_69f1e3b617cce_rand {\r\n                    position: relative !important;\r\n                    top: 0;\r\n                    transform: none;\r\n                    -webkit-transform: none;\r\n                }\n<\/style><div class=\"vc_column_inner td_uid_13_69f1e3b617d70_rand  wpb_column vc_column_container tdc-inner-column td-pb-span3\">\n<style scoped>\n\n\/* custom css *\/\n.td_uid_13_69f1e3b617d70_rand {\r\n                    vertical-align: baseline;\r\n                }\n<\/style><div class=\"vc_column-inner\"><div class=\"wpb_wrapper\">[vc_single_image image=&#8221;4793&#8243; img_size=&#8221;214&#215;156&#8243; style=&#8221;vc_box_border&#8221; onclick=&#8221;custom_link&#8221; css_animation=&#8221;bounceIn&#8221; link=&#8221;https:\/\/ramib.org\/oficial\/index.php\/pindoles\/&#8221;]<\/div><\/div><\/div><div class=\"vc_column_inner td_uid_14_69f1e3b617dd4_rand  wpb_column vc_column_container tdc-inner-column td-pb-span3\">\n<style scoped>\n\n\/* custom css *\/\n.td_uid_14_69f1e3b617dd4_rand {\r\n                    vertical-align: baseline;\r\n                }\n<\/style><div class=\"vc_column-inner\"><div class=\"wpb_wrapper\">[vc_single_image image=&#8221;781&#8243; img_size=&#8221;280X200&#8243; alignment=&#8221;center&#8221; style=&#8221;vc_box_border&#8221; onclick=&#8221;custom_link&#8221; img_link_target=&#8221;_blank&#8221; css_animation=&#8221;fadeInLeft&#8221; link=&#8221;http:\/\/medicinabalear.org\/&#8221;]<\/div><\/div><\/div><div class=\"vc_column_inner td_uid_15_69f1e3b617e2a_rand  wpb_column vc_column_container tdc-inner-column td-pb-span3\">\n<style scoped>\n\n\/* custom css *\/\n.td_uid_15_69f1e3b617e2a_rand {\r\n                    vertical-align: baseline;\r\n                }\n<\/style><div class=\"vc_column-inner\"><div class=\"wpb_wrapper\">[vc_single_image image=&#8221;5114&#8243; img_size=&#8221;244&#215;156&#8243; onclick=&#8221;custom_link&#8221; css_animation=&#8221;slideInRight&#8221; link=&#8221;https:\/\/dptm.es\/&#8221;]<\/div><\/div><\/div><div class=\"vc_column_inner td_uid_16_69f1e3b617e7c_rand  wpb_column vc_column_container tdc-inner-column td-pb-span3\">\n<style scoped>\n\n\/* custom css *\/\n.td_uid_16_69f1e3b617e7c_rand {\r\n                    vertical-align: baseline;\r\n                }\n<\/style><div class=\"vc_column-inner\"><div class=\"wpb_wrapper\">[vc_single_image image=&#8221;7086&#8243; img_size=&#8221;214&#215;156&#8243; alignment=&#8221;center&#8221; style=&#8221;vc_box_border&#8221; onclick=&#8221;custom_link&#8221; css_animation=&#8221;fadeInDown&#8221; link=&#8221;https:\/\/ramib.org\/oficial\/index.php\/2026\/01\/23\/7006-2\/&#8221;]<\/div><\/div><\/div><\/div><\/div><\/div><\/div><\/div><div id=\"td_uid_15_69f1e3b617ef9\" class=\"tdc-row\"><div class=\"vc_row td_uid_17_69f1e3b617efa_rand  wpb_row td-pb-row\" >\n<style scoped>\n\n\/* custom css *\/\n.td_uid_17_69f1e3b617efa_rand {\r\n                    min-height: 0;\r\n                }\n<\/style><div class=\"vc_column td_uid_18_69f1e3b618049_rand  wpb_column vc_column_container tdc-column td-pb-span12\">\n<style scoped>\n\n\/* custom css *\/\n.td_uid_18_69f1e3b618049_rand {\r\n                    vertical-align: baseline;\r\n                }\n<\/style><div class=\"wpb_wrapper\">[vc_text_separator title=&#8221;PATROCINADORS I COL\u00b7LABORADORS&#8221; color=&#8221;sandy_brown&#8221; style=&#8221;dotted&#8221;][vc_column_text]<\/p>\r\n<table class=\"table\">\r\n<tbody>\r\n<tr>\r\n<td style=\"text-align: center;\"><a href=\"https:\/\/www.caeb.es\/\" target=\"_blank\" rel=\"noopener noreferrer\"><img decoding=\"async\" class=\"\" src=\"https:\/\/ramib.org\/oficial\/wp-content\/uploads\/2022\/07\/CAEB.png\" alt=\"CAEB\" width=\"150\" \/><\/a><\/td>\r\n<td style=\"text-align: center;\"><a href=\"https:\/\/www.asisa.es\/ASISA-Salud\/Oficinas\/ResultadosBusquedaCentros.aspx?IdProvincia=7&amp;IdLocalidad=-1\" target=\"_blank\" rel=\"noopener noreferrer\"><img decoding=\"async\" src=\"https:\/\/ramib.org\/oficial\/wp-content\/uploads\/2019\/08\/asisa-p.jpg\" alt=\"\" \/><\/a><\/td>\r\n<td style=\"text-align: center;\"><a href=\"https:\/\/www.comib.com\/\" target=\"_blank\" rel=\"noopener noreferrer\"><img decoding=\"async\" class=\"\" src=\"https:\/\/ramib.org\/oficial\/wp-content\/uploads\/2019\/09\/col-metgesbalears.jpg\" width=\"173\" \/><\/a><\/td>\r\n<td><a href=\"#\" target=\"_blank\" rel=\"noopener noreferrer\"><img loading=\"lazy\" decoding=\"async\" class=\"aligncenter\" src=\"https:\/\/ramib.org\/oficial\/wp-content\/uploads\/2025\/12\/dr_cortes_p.jpg\" alt=\"Laboratori Dr. Cort\u00e9s\" width=\"200\" height=\"180\" \/><\/a><\/td>\r\n<td><a href=\"https:\/\/www.gruposerra.com\/\" target=\"_blank\" rel=\"noopener noreferrer\"><img decoding=\"async\" src=\"https:\/\/ramib.org\/oficial\/wp-content\/uploads\/2025\/12\/GrupSerra_p-1.jpg\" alt=\"Grup Serra\" \/><\/a><\/td>\r\n<\/tr>\r\n<tr>\r\n<td style=\"text-align: center;\"><a href=\"http:\/\/www.cofib.es\/ca\/\" target=\"_blank\" rel=\"noopener noreferrer\"><img decoding=\"async\" src=\"https:\/\/ramib.org\/oficial\/wp-content\/uploads\/2019\/09\/col-farmaceutics-p.jpg\" alt=\"Col\u00b7legi Oficial de Farmac\u00e8utics de les Illes Balears\" \/><\/a><\/td>\r\n<td><a href=\"http:\/\/www.infermeriabalear.com\/\" target=\"_blank\" rel=\"noopener noreferrer\"><br \/>\r\n<\/a><a href=\"http:\/\/www.infermeriabalear.com\/\" target=\"_blank\" rel=\"noopener noreferrer\"><img loading=\"lazy\" decoding=\"async\" class=\"alignnone\" src=\"https:\/\/ramib.org\/oficial\/wp-content\/uploads\/2023\/01\/COIBA-23.jpg\" alt=\"Col\u00b7legi Oficial d'Infermeria de les Illes Balears\" width=\"238\" height=\"177\" \/><\/a><\/td>\r\n<td><a href=\"https:\/\/www.ademaescuelauniversitaria.com\/\" target=\"_blank\" rel=\"noopener noreferrer\"><img decoding=\"async\" src=\"https:\/\/ramib.org\/oficial\/wp-content\/uploads\/2022\/01\/adema-escuela-ramib21.jpg\" alt=\"ADEMA Escuela Universitaria\" \/><\/a><\/td>\r\n<td style=\"text-align: center;\"><a href=\"https:\/\/www.comib.com\/formacion\/patronat\/\" target=\"_blank\" rel=\"noopener noreferrer\"><img loading=\"lazy\" decoding=\"async\" class=\"alignnone\" src=\"https:\/\/ramib.org\/oficial\/wp-content\/uploads\/2025\/12\/patronat-cientific-p.jpg\" alt=\"Fundaci\u00f3 Patronat Cient\u00edfic\" width=\"250\" height=\"130\" \/><\/a><\/td>\r\n<td><a href=\"https:\/\/www.quironsalud.es\/palmaplanas\" target=\"_blank\" rel=\"noopener noreferrer\"><img loading=\"lazy\" decoding=\"async\" src=\"https:\/\/ramib.org\/oficial\/wp-content\/uploads\/2025\/12\/quironsalud_p.png\" alt=\"Quiron Salut Palmaplanas\" width=\"250\" height=\"110\" \/><\/a><\/td>\r\n<\/tr>\r\n<tr>\r\n<td><a href=\"https:\/\/www.caib.es\/webgoib\/w\/conselleria-salut\" target=\"_blank\" rel=\"noopener noreferrer\"><img loading=\"lazy\" decoding=\"async\" class=\"\" src=\"https:\/\/ramib.org\/oficial\/wp-content\/uploads\/2025\/12\/conselleria_salut_p-1.jpg\" alt=\"Conselleria de Salut\" width=\"250\" height=\"100\" \/><\/a><\/td>\r\n<td><a href=\"https:\/\/procarehealth.com\/\" target=\"_blank\" rel=\"noopener noreferrer\"><img loading=\"lazy\" decoding=\"async\" class=\"\" src=\"https:\/\/ramib.org\/oficial\/wp-content\/uploads\/2025\/12\/procare_p-2.jpg\" alt=\"Procare Health\" width=\"250\" height=\"117\" \/><\/a><\/td>\r\n<td><a href=\"https:\/\/www.caib.es\/webgoib\/w\/vicepresidencia-segona-i-conselleria-presidencia-coordinacio-accio-govern-i-cooperacio-local\" target=\"_blank\" rel=\"noopener noreferrer\"><img decoding=\"async\" class=\"\" src=\"https:\/\/ramib.org\/oficial\/wp-content\/uploads\/2025\/12\/VSC_PRE_COO_ACC_GOV_p.jpg\" alt=\"Vicepresid\u00e8ncia Segona i Conselleria de Presid\u00e8ncia\" width=\"250\" height=\"\" \/><\/a><\/td>\r\n<td><a href=\"https:\/\/www.clinicarotger.com\/\" target=\"_blank\" rel=\"noopener noreferrer\"><img loading=\"lazy\" decoding=\"async\" class=\"aligncenter\" src=\"https:\/\/ramib.org\/oficial\/wp-content\/uploads\/2025\/12\/clinica-rotger-logo-top.png\" alt=\"Cl\u00ednica Rotger\" width=\"250\" height=\"120\" \/><\/a><\/td>\r\n<td><\/td>\r\n<\/tr>\r\n<\/tbody>\r\n<\/table>\r\n<p>[\/vc_column_text]<\/div><\/div><\/div><\/div>\r\n","protected":false},"excerpt":{"rendered":"14\/04\/2026: Sine Dolore se vive mejor RAMIB - abril 6, 2026 19\/03\/2026: \u201cDels algorismes a les decisions cl\u00edniques: Entendre i regular la Intel\u00b7lig\u00e8ncia Artificial en Medicina\u201d 03\/03\/2026: Desenvolupament del programa [...]","protected":false},"author":1,"featured_media":0,"parent":0,"menu_order":0,"comment_status":"closed","ping_status":"closed","template":"","meta":{"_monsterinsights_skip_tracking":false,"_monsterinsights_sitenote_active":false,"_monsterinsights_sitenote_note":"","_monsterinsights_sitenote_category":0,"footnotes":""},"_links":{"self":[{"href":"https:\/\/ramib.org\/oficial\/index.php\/wp-json\/wp\/v2\/pages\/580"}],"collection":[{"href":"https:\/\/ramib.org\/oficial\/index.php\/wp-json\/wp\/v2\/pages"}],"about":[{"href":"https:\/\/ramib.org\/oficial\/index.php\/wp-json\/wp\/v2\/types\/page"}],"author":[{"embeddable":true,"href":"https:\/\/ramib.org\/oficial\/index.php\/wp-json\/wp\/v2\/users\/1"}],"replies":[{"embeddable":true,"href":"https:\/\/ramib.org\/oficial\/index.php\/wp-json\/wp\/v2\/comments?post=580"}],"version-history":[{"count":93,"href":"https:\/\/ramib.org\/oficial\/index.php\/wp-json\/wp\/v2\/pages\/580\/revisions"}],"predecessor-version":[{"id":7100,"href":"https:\/\/ramib.org\/oficial\/index.php\/wp-json\/wp\/v2\/pages\/580\/revisions\/7100"}],"wp:attachment":[{"href":"https:\/\/ramib.org\/oficial\/index.php\/wp-json\/wp\/v2\/media?parent=580"}],"curies":[{"name":"wp","href":"https:\/\/api.w.org\/{rel}","templated":true}]}}