{"id":5077,"date":"2023-11-25T13:35:44","date_gmt":"2023-11-25T13:35:44","guid":{"rendered":"https:\/\/ramib.org\/oficial\/?page_id=5077"},"modified":"2024-03-14T10:19:54","modified_gmt":"2024-03-14T10:19:54","slug":"pindoles","status":"publish","type":"page","link":"https:\/\/ramib.org\/oficial\/index.php\/pindoles\/","title":{"rendered":"P\u00edndoles"},"content":{"rendered":"<div id=\"td_uid_1_69f1ed7ea3be0\" class=\"tdc-row\"><div class=\"vc_row td_uid_1_69f1ed7ea3be7_rand  wpb_row td-pb-row\" >\n<style scoped>\n\n\/* custom css *\/\n.td_uid_1_69f1ed7ea3be7_rand {\r\n                    min-height: 0;\r\n                }\n<\/style><div class=\"vc_column td_uid_2_69f1ed7ea3f0b_rand  wpb_column vc_column_container tdc-column td-pb-span12\">\n<style scoped>\n\n\/* custom css *\/\n.td_uid_2_69f1ed7ea3f0b_rand {\r\n                    vertical-align: baseline;\r\n                }\n<\/style><div class=\"wpb_wrapper\">[vc_text_separator title=&#8221;P\u00edndoles informatives de la Reial Acad\u00e8mia de Medicina dels Illes Balears&#8221; color=&#8221;peacoc&#8221;]<\/div><\/div><\/div><\/div><div id=\"td_uid_3_69f1ed7ea3f8f\" class=\"tdc-row\"><div class=\"vc_row td_uid_3_69f1ed7ea3f91_rand  wpb_row td-pb-row\" >\n<style scoped>\n\n\/* custom css *\/\n.td_uid_3_69f1ed7ea3f91_rand {\r\n                    min-height: 0;\r\n                }\n<\/style><div class=\"vc_column td_uid_4_69f1ed7ea407e_rand  wpb_column vc_column_container tdc-column td-pb-span12\">\n<style scoped>\n\n\/* custom css *\/\n.td_uid_4_69f1ed7ea407e_rand {\r\n                    vertical-align: baseline;\r\n                }\n<\/style><div class=\"wpb_wrapper\"><div class=\"td_block_wrap td_block_big_grid_5 td_uid_5_69f1ed7ea41cf_rand td-grid-style-4 td-hover-1 td-big-grids td-pb-border-top td_block_template_1\"  data-td-block-uid=\"td_uid_5_69f1ed7ea41cf\" ><div id=td_uid_5_69f1ed7ea41cf class=\"td_block_inner\"><div class=\"td-big-grid-wrapper\">\r\n        <div class=\"td_module_mx12 td-animation-stack td-big-grid-post-0 td-big-grid-post td-small-thumb\">\r\n            <div class=\"td-module-thumb\"><a href=\"https:\/\/ramib.org\/oficial\/index.php\/2025\/12\/23\/lepicondilitis-del-colze-actualitzacio\/\" rel=\"bookmark\" class=\"td-image-wrap\" title=\"L&#8217;epicondilitis del colze: actualitzaci\u00f3\"><img loading=\"lazy\" decoding=\"async\" width=\"356\" height=\"220\" class=\"entry-thumb\" src=\"https:\/\/ramib.org\/oficial\/wp-content\/uploads\/2025\/12\/canellas-356x220.jpg\"   alt=\"\" title=\"L&#8217;epicondilitis del colze: actualitzaci\u00f3\" \/><\/a><\/div>            <div class=\"td-meta-info-container\">\r\n                <div class=\"td-meta-align\">\r\n                    <div class=\"td-big-grid-meta\">\r\n                                                <h3 class=\"entry-title td-module-title\"><a href=\"https:\/\/ramib.org\/oficial\/index.php\/2025\/12\/23\/lepicondilitis-del-colze-actualitzacio\/\" rel=\"bookmark\" title=\"L&#8217;epicondilitis del colze: actualitzaci\u00f3\">L&#8217;epicondilitis del colze: actualitzaci\u00f3<\/a><\/h3>                    <\/div>\r\n                    <div class=\"td-module-meta-info\">\r\n                        <span class=\"td-post-author-name\"><a href=\"https:\/\/ramib.org\/oficial\/index.php\/author\/ad_dramib\/\">RAMIB<\/a> <span>-<\/span> <\/span>                        <span class=\"td-post-date\"><time class=\"entry-date updated td-module-date\" datetime=\"2025-12-23T16:20:53+00:00\" >desembre 23, 2025<\/time><\/span>                    <\/div>\r\n                <\/div>\r\n            <\/div>\r\n\r\n        <\/div>\r\n\r\n        \r\n        <div class=\"td_module_mx12 td-animation-stack td-big-grid-post-1 td-big-grid-post td-small-thumb\">\r\n            <div class=\"td-module-thumb\"><a href=\"https:\/\/ramib.org\/oficial\/index.php\/2025\/10\/30\/tabaquismo-situacion-actual-y-tratamiento-de-eleccion\/\" rel=\"bookmark\" class=\"td-image-wrap\" title=\"Tabaquismo: situaci\u00f3n actual y tratamiento de elecci\u00f3n\"><img loading=\"lazy\" decoding=\"async\" width=\"356\" height=\"220\" class=\"entry-thumb\" src=\"https:\/\/ramib.org\/oficial\/wp-content\/uploads\/2025\/10\/maguilo-356x220.jpg\"   alt=\"\" title=\"Tabaquismo: situaci\u00f3n actual y tratamiento de elecci\u00f3n\" \/><\/a><\/div>            <div class=\"td-meta-info-container\">\r\n                <div class=\"td-meta-align\">\r\n                    <div class=\"td-big-grid-meta\">\r\n                                                <h3 class=\"entry-title td-module-title\"><a href=\"https:\/\/ramib.org\/oficial\/index.php\/2025\/10\/30\/tabaquismo-situacion-actual-y-tratamiento-de-eleccion\/\" rel=\"bookmark\" title=\"Tabaquismo: situaci\u00f3n actual y tratamiento de elecci\u00f3n\">Tabaquismo: situaci\u00f3n actual y tratamiento de elecci\u00f3n<\/a><\/h3>                    <\/div>\r\n                    <div class=\"td-module-meta-info\">\r\n                        <span class=\"td-post-author-name\"><a href=\"https:\/\/ramib.org\/oficial\/index.php\/author\/ad_dramib\/\">RAMIB<\/a> <span>-<\/span> <\/span>                        <span class=\"td-post-date\"><time class=\"entry-date updated td-module-date\" datetime=\"2025-10-30T07:25:25+00:00\" >octubre 30, 2025<\/time><\/span>                    <\/div>\r\n                <\/div>\r\n            <\/div>\r\n\r\n        <\/div>\r\n\r\n        \r\n        <div class=\"td_module_mx12 td-animation-stack td-big-grid-post-2 td-big-grid-post td-small-thumb\">\r\n            <div class=\"td-module-thumb\"><a href=\"https:\/\/ramib.org\/oficial\/index.php\/2025\/07\/28\/detecting-atypical-sentinel-lymph-nodes-in-early-stage-cervical-cancer-using-a-standardized-technique-with-a-hybrid-tracer\/\" rel=\"bookmark\" class=\"td-image-wrap\" title=\"Detecting Atypical Sentinel Lymph Nodes in Early-Stage Cervical Cancer Using a Standardized Technique with a Hybrid Tracer\"><img loading=\"lazy\" decoding=\"async\" width=\"356\" height=\"220\" class=\"entry-thumb\" src=\"https:\/\/ramib.org\/oficial\/wp-content\/uploads\/2025\/07\/image-356x220.png\"   alt=\"\" title=\"Detecting Atypical Sentinel Lymph Nodes in Early-Stage Cervical Cancer Using a Standardized Technique with a Hybrid Tracer\" \/><\/a><\/div>            <div class=\"td-meta-info-container\">\r\n                <div class=\"td-meta-align\">\r\n                    <div class=\"td-big-grid-meta\">\r\n                                                <h3 class=\"entry-title td-module-title\"><a href=\"https:\/\/ramib.org\/oficial\/index.php\/2025\/07\/28\/detecting-atypical-sentinel-lymph-nodes-in-early-stage-cervical-cancer-using-a-standardized-technique-with-a-hybrid-tracer\/\" rel=\"bookmark\" title=\"Detecting Atypical Sentinel Lymph Nodes in Early-Stage Cervical Cancer Using a Standardized Technique with a Hybrid Tracer\">Detecting Atypical Sentinel Lymph Nodes in Early-Stage Cervical Cancer Using a Standardized Technique with a Hybrid Tracer<\/a><\/h3>                    <\/div>\r\n                    <div class=\"td-module-meta-info\">\r\n                        <span class=\"td-post-author-name\"><a href=\"https:\/\/ramib.org\/oficial\/index.php\/author\/ad_dramib\/\">RAMIB<\/a> <span>-<\/span> <\/span>                        <span class=\"td-post-date\"><time class=\"entry-date updated td-module-date\" datetime=\"2025-07-28T13:22:34+00:00\" >juliol 28, 2025<\/time><\/span>                    <\/div>\r\n                <\/div>\r\n            <\/div>\r\n\r\n        <\/div>\r\n\r\n        <\/div><div class=\"clearfix\"><\/div><\/div><\/div> <!-- .\/block --><\/div><\/div><\/div><\/div><div id=\"td_uid_5_69f1ed7ea94ad\" class=\"tdc-row\"><div class=\"vc_row td_uid_6_69f1ed7ea94b1_rand  wpb_row td-pb-row\" >\n<style scoped>\n\n\/* custom css *\/\n.td_uid_6_69f1ed7ea94b1_rand {\r\n                    min-height: 0;\r\n                }\n<\/style><div class=\"vc_column td_uid_7_69f1ed7ea95d4_rand  wpb_column vc_column_container tdc-column td-pb-span12\">\n<style scoped>\n\n\/* custom css *\/\n.td_uid_7_69f1ed7ea95d4_rand {\r\n                    vertical-align: baseline;\r\n                }\n<\/style><div class=\"wpb_wrapper\"><div class=\"td_block_wrap td_block_15 td_uid_8_69f1ed7ea9741_rand td_with_ajax_pagination td-pb-border-top td_block_template_1 td-column-3 td_block_padding\"  data-td-block-uid=\"td_uid_8_69f1ed7ea9741\" ><script>var block_td_uid_8_69f1ed7ea9741 = new tdBlock();\nblock_td_uid_8_69f1ed7ea9741.id = \"td_uid_8_69f1ed7ea9741\";\nblock_td_uid_8_69f1ed7ea9741.atts = '{\"category_id\":\"544\",\"limit\":\"10\",\"offset\":\"3\",\"ajax_pagination\":\"infinite\",\"separator\":\"\",\"custom_title\":\"\",\"custom_url\":\"\",\"block_template_id\":\"\",\"mx4_tl\":\"\",\"post_ids\":\"\",\"category_ids\":\"\",\"tag_slug\":\"\",\"autors_id\":\"\",\"installed_post_types\":\"\",\"sort\":\"\",\"show_modified_date\":\"\",\"el_class\":\"\",\"td_ajax_filter_type\":\"\",\"td_ajax_filter_ids\":\"\",\"td_filter_default_txt\":\"All\",\"td_ajax_preloading\":\"\",\"f_header_font_header\":\"\",\"f_header_font_title\":\"Block header\",\"f_header_font_settings\":\"\",\"f_header_font_family\":\"\",\"f_header_font_size\":\"\",\"f_header_font_line_height\":\"\",\"f_header_font_style\":\"\",\"f_header_font_weight\":\"\",\"f_header_font_transform\":\"\",\"f_header_font_spacing\":\"\",\"f_header_\":\"\",\"f_ajax_font_title\":\"Ajax categories\",\"f_ajax_font_settings\":\"\",\"f_ajax_font_family\":\"\",\"f_ajax_font_size\":\"\",\"f_ajax_font_line_height\":\"\",\"f_ajax_font_style\":\"\",\"f_ajax_font_weight\":\"\",\"f_ajax_font_transform\":\"\",\"f_ajax_font_spacing\":\"\",\"f_ajax_\":\"\",\"f_more_font_title\":\"Load more button\",\"f_more_font_settings\":\"\",\"f_more_font_family\":\"\",\"f_more_font_size\":\"\",\"f_more_font_line_height\":\"\",\"f_more_font_style\":\"\",\"f_more_font_weight\":\"\",\"f_more_font_transform\":\"\",\"f_more_font_spacing\":\"\",\"f_more_\":\"\",\"mx4f_title_font_header\":\"\",\"mx4f_title_font_title\":\"Article title\",\"mx4f_title_font_settings\":\"\",\"mx4f_title_font_family\":\"\",\"mx4f_title_font_size\":\"\",\"mx4f_title_font_line_height\":\"\",\"mx4f_title_font_style\":\"\",\"mx4f_title_font_weight\":\"\",\"mx4f_title_font_transform\":\"\",\"mx4f_title_font_spacing\":\"\",\"mx4f_title_\":\"\",\"mx4f_cat_font_title\":\"Article category tag\",\"mx4f_cat_font_settings\":\"\",\"mx4f_cat_font_family\":\"\",\"mx4f_cat_font_size\":\"\",\"mx4f_cat_font_line_height\":\"\",\"mx4f_cat_font_style\":\"\",\"mx4f_cat_font_weight\":\"\",\"mx4f_cat_font_transform\":\"\",\"mx4f_cat_font_spacing\":\"\",\"mx4f_cat_\":\"\",\"ajax_pagination_infinite_stop\":\"\",\"css\":\"\",\"tdc_css\":\"\",\"td_column_number\":3,\"header_color\":\"\",\"color_preset\":\"\",\"border_top\":\"\",\"class\":\"td_uid_8_69f1ed7ea9741_rand\",\"tdc_css_class\":\"td_uid_8_69f1ed7ea9741_rand\",\"tdc_css_class_style\":\"td_uid_8_69f1ed7ea9741_rand_style\"}';\nblock_td_uid_8_69f1ed7ea9741.td_column_number = \"3\";\nblock_td_uid_8_69f1ed7ea9741.block_type = \"td_block_15\";\nblock_td_uid_8_69f1ed7ea9741.post_count = \"10\";\nblock_td_uid_8_69f1ed7ea9741.found_posts = \"33\";\nblock_td_uid_8_69f1ed7ea9741.header_color = \"\";\nblock_td_uid_8_69f1ed7ea9741.ajax_pagination_infinite_stop = \"\";\nblock_td_uid_8_69f1ed7ea9741.max_num_pages = \"3\";\ntdBlocksArray.push(block_td_uid_8_69f1ed7ea9741);\n<\/script><div class=\"td-block-title-wrap\"><\/div><div id=td_uid_8_69f1ed7ea9741 class=\"td_block_inner td-column-3\">\n\n\t<div class=\"td-block-row\">\n\n\t<div class=\"td-block-span4\">\n\r\n        <div class=\"td_module_mx4 td_module_wrap td-animation-stack\">\r\n            <div class=\"td-module-image\">\r\n                <div class=\"td-module-thumb\"><a href=\"https:\/\/ramib.org\/oficial\/index.php\/2025\/06\/26\/eficacia-de-diferents-modalitats-dexercici-fisic-sobre-el-control-glucemic-en-persones-amb-prediabetis\/\" rel=\"bookmark\" class=\"td-image-wrap\" title=\"Efic\u00e0cia de diferents modalitats d&#8217;exercici f\u00edsic sobre el control gluc\u00e8mic en persones amb prediabetis\"><img loading=\"lazy\" decoding=\"async\" width=\"218\" height=\"150\" class=\"entry-thumb\" src=\"https:\/\/ramib.org\/oficial\/wp-content\/uploads\/2025\/06\/MG_0068.2-218x150.jpg\"  srcset=\"https:\/\/ramib.org\/oficial\/wp-content\/uploads\/2025\/06\/MG_0068.2-218x150.jpg 218w, https:\/\/ramib.org\/oficial\/wp-content\/uploads\/2025\/06\/MG_0068.2-100x70.jpg 100w\" sizes=\"(max-width: 218px) 100vw, 218px\"  alt=\"\" title=\"Efic\u00e0cia de diferents modalitats d&#8217;exercici f\u00edsic sobre el control gluc\u00e8mic en persones amb prediabetis\" \/><\/a><\/div>                            <\/div>\r\n\r\n            <h3 class=\"entry-title td-module-title\"><a href=\"https:\/\/ramib.org\/oficial\/index.php\/2025\/06\/26\/eficacia-de-diferents-modalitats-dexercici-fisic-sobre-el-control-glucemic-en-persones-amb-prediabetis\/\" rel=\"bookmark\" title=\"Efic\u00e0cia de diferents modalitats d&#8217;exercici f\u00edsic sobre el control gluc\u00e8mic en persones amb prediabetis\">Efic\u00e0cia de diferents modalitats d&#8217;exercici f\u00edsic sobre el control gluc\u00e8mic en...<\/a><\/h3>\r\n        <\/div>\r\n\r\n        \n\t<\/div> <!-- .\/td-block-span4 -->\n\n\t<div class=\"td-block-span4\">\n\r\n        <div class=\"td_module_mx4 td_module_wrap td-animation-stack\">\r\n            <div class=\"td-module-image\">\r\n                <div class=\"td-module-thumb\"><a href=\"https:\/\/ramib.org\/oficial\/index.php\/2025\/05\/21\/canal-carpia\/\" rel=\"bookmark\" class=\"td-image-wrap\" title=\"Canal carpi\u00e0\"><img loading=\"lazy\" decoding=\"async\" width=\"218\" height=\"150\" class=\"entry-thumb\" src=\"https:\/\/ramib.org\/oficial\/wp-content\/uploads\/2025\/05\/1747742629439-218x150.jpg\"  srcset=\"https:\/\/ramib.org\/oficial\/wp-content\/uploads\/2025\/05\/1747742629439-218x150.jpg 218w, https:\/\/ramib.org\/oficial\/wp-content\/uploads\/2025\/05\/1747742629439-100x70.jpg 100w\" sizes=\"(max-width: 218px) 100vw, 218px\"  alt=\"\" title=\"Canal carpi\u00e0\" \/><\/a><\/div>                            <\/div>\r\n\r\n            <h3 class=\"entry-title td-module-title\"><a href=\"https:\/\/ramib.org\/oficial\/index.php\/2025\/05\/21\/canal-carpia\/\" rel=\"bookmark\" title=\"Canal carpi\u00e0\">Canal carpi\u00e0<\/a><\/h3>\r\n        <\/div>\r\n\r\n        \n\t<\/div> <!-- .\/td-block-span4 -->\n\n\t<div class=\"td-block-span4\">\n\r\n        <div class=\"td_module_mx4 td_module_wrap td-animation-stack\">\r\n            <div class=\"td-module-image\">\r\n                <div class=\"td-module-thumb\"><a href=\"https:\/\/ramib.org\/oficial\/index.php\/2025\/04\/29\/cambio-de-paradigma-en-el-concepto-y-tratamiento-del-dolor-cronico\/\" rel=\"bookmark\" class=\"td-image-wrap\" title=\"Canvi de paradigma en el concepte i tractament del dolor cr\u00f2nic\"><img loading=\"lazy\" decoding=\"async\" width=\"218\" height=\"150\" class=\"entry-thumb\" src=\"https:\/\/ramib.org\/oficial\/wp-content\/uploads\/2025\/04\/1745911091893-218x150.jpg\"  srcset=\"https:\/\/ramib.org\/oficial\/wp-content\/uploads\/2025\/04\/1745911091893-218x150.jpg 218w, https:\/\/ramib.org\/oficial\/wp-content\/uploads\/2025\/04\/1745911091893-100x70.jpg 100w\" sizes=\"(max-width: 218px) 100vw, 218px\"  alt=\"\" title=\"Canvi de paradigma en el concepte i tractament del dolor cr\u00f2nic\" \/><\/a><\/div>                            <\/div>\r\n\r\n            <h3 class=\"entry-title td-module-title\"><a href=\"https:\/\/ramib.org\/oficial\/index.php\/2025\/04\/29\/cambio-de-paradigma-en-el-concepto-y-tratamiento-del-dolor-cronico\/\" rel=\"bookmark\" title=\"Canvi de paradigma en el concepte i tractament del dolor cr\u00f2nic\">Canvi de paradigma en el concepte i tractament del dolor cr\u00f2nic<\/a><\/h3>\r\n        <\/div>\r\n\r\n        \n\t<\/div> <!-- .\/td-block-span4 -->\n\n\t<div class=\"td-block-span4\">\n\r\n        <div class=\"td_module_mx4 td_module_wrap td-animation-stack\">\r\n            <div class=\"td-module-image\">\r\n                <div class=\"td-module-thumb\"><a href=\"https:\/\/ramib.org\/oficial\/index.php\/2025\/04\/02\/estudio-de-variabilidad-de-parametros-de-riesgo-de-cristalizacion-en-orina-de-12h-diurna-y-nocturna\/\" rel=\"bookmark\" class=\"td-image-wrap\" title=\"Estudio de variabilidad de par\u00e1metros de riesgo de cristalizaci\u00f3n en orina de 12h. diurna y nocturna\"><img loading=\"lazy\" decoding=\"async\" width=\"218\" height=\"150\" class=\"entry-thumb\" src=\"https:\/\/ramib.org\/oficial\/wp-content\/uploads\/2025\/04\/Sin-titulo-218x150.jpg\"  srcset=\"https:\/\/ramib.org\/oficial\/wp-content\/uploads\/2025\/04\/Sin-titulo-218x150.jpg 218w, https:\/\/ramib.org\/oficial\/wp-content\/uploads\/2025\/04\/Sin-titulo-100x70.jpg 100w\" sizes=\"(max-width: 218px) 100vw, 218px\"  alt=\"\" title=\"Estudio de variabilidad de par\u00e1metros de riesgo de cristalizaci\u00f3n en orina de 12h. diurna y nocturna\" \/><\/a><\/div>                            <\/div>\r\n\r\n            <h3 class=\"entry-title td-module-title\"><a href=\"https:\/\/ramib.org\/oficial\/index.php\/2025\/04\/02\/estudio-de-variabilidad-de-parametros-de-riesgo-de-cristalizacion-en-orina-de-12h-diurna-y-nocturna\/\" rel=\"bookmark\" title=\"Estudio de variabilidad de par\u00e1metros de riesgo de cristalizaci\u00f3n en orina de 12h. diurna y nocturna\">Estudio de variabilidad de par\u00e1metros de riesgo de cristalizaci\u00f3n en orina...<\/a><\/h3>\r\n        <\/div>\r\n\r\n        \n\t<\/div> <!-- .\/td-block-span4 -->\n\n\t<div class=\"td-block-span4\">\n\r\n        <div class=\"td_module_mx4 td_module_wrap td-animation-stack\">\r\n            <div class=\"td-module-image\">\r\n                <div class=\"td-module-thumb\"><a href=\"https:\/\/ramib.org\/oficial\/index.php\/2025\/03\/06\/diferencies-entre-una-hernia-discal-i-una-protussio-de-columna-vertebral\/\" rel=\"bookmark\" class=\"td-image-wrap\" title=\"Difer\u00e8ncies entre una h\u00e8rnia discal i una\u00a0protussi\u00f3\u00a0de columna vertebral\"><img loading=\"lazy\" decoding=\"async\" width=\"218\" height=\"150\" class=\"entry-thumb\" src=\"https:\/\/ramib.org\/oficial\/wp-content\/uploads\/2025\/03\/dr-canellas-218x150.jpg\"  srcset=\"https:\/\/ramib.org\/oficial\/wp-content\/uploads\/2025\/03\/dr-canellas-218x150.jpg 218w, https:\/\/ramib.org\/oficial\/wp-content\/uploads\/2025\/03\/dr-canellas-100x70.jpg 100w\" sizes=\"(max-width: 218px) 100vw, 218px\"  alt=\"\" title=\"Difer\u00e8ncies entre una h\u00e8rnia discal i una\u00a0protussi\u00f3\u00a0de columna vertebral\" \/><\/a><\/div>                            <\/div>\r\n\r\n            <h3 class=\"entry-title td-module-title\"><a href=\"https:\/\/ramib.org\/oficial\/index.php\/2025\/03\/06\/diferencies-entre-una-hernia-discal-i-una-protussio-de-columna-vertebral\/\" rel=\"bookmark\" title=\"Difer\u00e8ncies entre una h\u00e8rnia discal i una\u00a0protussi\u00f3\u00a0de columna vertebral\">Difer\u00e8ncies entre una h\u00e8rnia discal i una\u00a0protussi\u00f3\u00a0de columna vertebral<\/a><\/h3>\r\n        <\/div>\r\n\r\n        \n\t<\/div> <!-- .\/td-block-span4 --><\/div><!--.\/row-fluid-->\n\n\t<div class=\"td-block-row\">\n\n\t<div class=\"td-block-span4\">\n\r\n        <div class=\"td_module_mx4 td_module_wrap td-animation-stack\">\r\n            <div class=\"td-module-image\">\r\n                <div class=\"td-module-thumb\"><a href=\"https:\/\/ramib.org\/oficial\/index.php\/2024\/03\/11\/la-epidemiologia-un-nuevo-protagonista-en-la-vida-diaria\/\" rel=\"bookmark\" class=\"td-image-wrap\" title=\"La Epidemiolog\u00eda, un nuevo protagonista en la vida diaria\"><img loading=\"lazy\" decoding=\"async\" width=\"218\" height=\"150\" class=\"entry-thumb\" src=\"https:\/\/ramib.org\/oficial\/wp-content\/uploads\/2024\/01\/maxresdefault-3-218x150.jpg\"  srcset=\"https:\/\/ramib.org\/oficial\/wp-content\/uploads\/2024\/01\/maxresdefault-3-218x150.jpg 218w, https:\/\/ramib.org\/oficial\/wp-content\/uploads\/2024\/01\/maxresdefault-3-100x70.jpg 100w\" sizes=\"(max-width: 218px) 100vw, 218px\"  alt=\"\" title=\"La Epidemiolog\u00eda, un nuevo protagonista en la vida diaria\" \/><span class=\"td-video-play-ico\"><img loading=\"lazy\" decoding=\"async\" width=\"40\" height=\"40\" class=\"td-retina\" src=\"https:\/\/ramib.org\/oficial\/wp-content\/plugins\/td-composer\/legacy\/Newspaper\/assets\/images\/icons\/ico-video-large.png\" alt=\"video\"\/><\/span><\/a><\/div>                            <\/div>\r\n\r\n            <h3 class=\"entry-title td-module-title\"><a href=\"https:\/\/ramib.org\/oficial\/index.php\/2024\/03\/11\/la-epidemiologia-un-nuevo-protagonista-en-la-vida-diaria\/\" rel=\"bookmark\" title=\"La Epidemiolog\u00eda, un nuevo protagonista en la vida diaria\">La Epidemiolog\u00eda, un nuevo protagonista en la vida diaria<\/a><\/h3>\r\n        <\/div>\r\n\r\n        \n\t<\/div> <!-- .\/td-block-span4 -->\n\n\t<div class=\"td-block-span4\">\n\r\n        <div class=\"td_module_mx4 td_module_wrap td-animation-stack\">\r\n            <div class=\"td-module-image\">\r\n                <div class=\"td-module-thumb\"><a href=\"https:\/\/ramib.org\/oficial\/index.php\/2024\/03\/02\/covid-y-afectacion-cardiovascular\/\" rel=\"bookmark\" class=\"td-image-wrap\" title=\"COVID y afectaci\u00f3n cardiovascular\"><img loading=\"lazy\" decoding=\"async\" width=\"218\" height=\"150\" class=\"entry-thumb\" src=\"https:\/\/ramib.org\/oficial\/wp-content\/uploads\/2024\/03\/maxresdefault-1-218x150.jpg\"  srcset=\"https:\/\/ramib.org\/oficial\/wp-content\/uploads\/2024\/03\/maxresdefault-1-218x150.jpg 218w, https:\/\/ramib.org\/oficial\/wp-content\/uploads\/2024\/03\/maxresdefault-1-100x70.jpg 100w\" sizes=\"(max-width: 218px) 100vw, 218px\"  alt=\"\" title=\"COVID y afectaci\u00f3n cardiovascular\" \/><span class=\"td-video-play-ico\"><img loading=\"lazy\" decoding=\"async\" width=\"40\" height=\"40\" class=\"td-retina\" src=\"https:\/\/ramib.org\/oficial\/wp-content\/plugins\/td-composer\/legacy\/Newspaper\/assets\/images\/icons\/ico-video-large.png\" alt=\"video\"\/><\/span><\/a><\/div>                            <\/div>\r\n\r\n            <h3 class=\"entry-title td-module-title\"><a href=\"https:\/\/ramib.org\/oficial\/index.php\/2024\/03\/02\/covid-y-afectacion-cardiovascular\/\" rel=\"bookmark\" title=\"COVID y afectaci\u00f3n cardiovascular\">COVID y afectaci\u00f3n cardiovascular<\/a><\/h3>\r\n        <\/div>\r\n\r\n        \n\t<\/div> <!-- .\/td-block-span4 -->\n\n\t<div class=\"td-block-span4\">\n\r\n        <div class=\"td_module_mx4 td_module_wrap td-animation-stack\">\r\n            <div class=\"td-module-image\">\r\n                <div class=\"td-module-thumb\"><a href=\"https:\/\/ramib.org\/oficial\/index.php\/2024\/03\/02\/prevencion-del-cancer-que-podemos-hacer-que-debemos-hacer\/\" rel=\"bookmark\" class=\"td-image-wrap\" title=\"Prevenci\u00f3n del c\u00e1ncer. Que podemos hacer, que debemos hacer\"><img loading=\"lazy\" decoding=\"async\" width=\"218\" height=\"150\" class=\"entry-thumb\" src=\"https:\/\/ramib.org\/oficial\/wp-content\/uploads\/2024\/03\/javier-cortes-218x150.jpg\"  srcset=\"https:\/\/ramib.org\/oficial\/wp-content\/uploads\/2024\/03\/javier-cortes-218x150.jpg 218w, https:\/\/ramib.org\/oficial\/wp-content\/uploads\/2024\/03\/javier-cortes-100x70.jpg 100w\" sizes=\"(max-width: 218px) 100vw, 218px\"  alt=\"\" title=\"Prevenci\u00f3n del c\u00e1ncer. Que podemos hacer, que debemos hacer\" \/><span class=\"td-video-play-ico\"><img loading=\"lazy\" decoding=\"async\" width=\"40\" height=\"40\" class=\"td-retina\" src=\"https:\/\/ramib.org\/oficial\/wp-content\/plugins\/td-composer\/legacy\/Newspaper\/assets\/images\/icons\/ico-video-large.png\" alt=\"video\"\/><\/span><\/a><\/div>                            <\/div>\r\n\r\n            <h3 class=\"entry-title td-module-title\"><a href=\"https:\/\/ramib.org\/oficial\/index.php\/2024\/03\/02\/prevencion-del-cancer-que-podemos-hacer-que-debemos-hacer\/\" rel=\"bookmark\" title=\"Prevenci\u00f3n del c\u00e1ncer. Que podemos hacer, que debemos hacer\">Prevenci\u00f3n del c\u00e1ncer. Que podemos hacer, que debemos hacer<\/a><\/h3>\r\n        <\/div>\r\n\r\n        \n\t<\/div> <!-- .\/td-block-span4 -->\n\n\t<div class=\"td-block-span4\">\n\r\n        <div class=\"td_module_mx4 td_module_wrap td-animation-stack\">\r\n            <div class=\"td-module-image\">\r\n                <div class=\"td-module-thumb\"><a href=\"https:\/\/ramib.org\/oficial\/index.php\/2024\/03\/02\/deshabituacion-tabaquica-en-fumadores-hospitalizados-eficacia-de-una-intervencion-mediante-una-app-2\/\" rel=\"bookmark\" class=\"td-image-wrap\" title=\"Deshabituaci\u00f3n tab\u00e1quica en fumadores hospitalizados: Eficacia de una intervenci\u00f3n mediante una app\"><img loading=\"lazy\" decoding=\"async\" width=\"218\" height=\"150\" class=\"entry-thumb\" src=\"https:\/\/ramib.org\/oficial\/wp-content\/uploads\/2024\/03\/patriciagarciapazo-218x150.jpg\"  srcset=\"https:\/\/ramib.org\/oficial\/wp-content\/uploads\/2024\/03\/patriciagarciapazo-218x150.jpg 218w, https:\/\/ramib.org\/oficial\/wp-content\/uploads\/2024\/03\/patriciagarciapazo-100x70.jpg 100w\" sizes=\"(max-width: 218px) 100vw, 218px\"  alt=\"\" title=\"Deshabituaci\u00f3n tab\u00e1quica en fumadores hospitalizados: Eficacia de una intervenci\u00f3n mediante una app\" \/><span class=\"td-video-play-ico\"><img loading=\"lazy\" decoding=\"async\" width=\"40\" height=\"40\" class=\"td-retina\" src=\"https:\/\/ramib.org\/oficial\/wp-content\/plugins\/td-composer\/legacy\/Newspaper\/assets\/images\/icons\/ico-video-large.png\" alt=\"video\"\/><\/span><\/a><\/div>                            <\/div>\r\n\r\n            <h3 class=\"entry-title td-module-title\"><a href=\"https:\/\/ramib.org\/oficial\/index.php\/2024\/03\/02\/deshabituacion-tabaquica-en-fumadores-hospitalizados-eficacia-de-una-intervencion-mediante-una-app-2\/\" rel=\"bookmark\" title=\"Deshabituaci\u00f3n tab\u00e1quica en fumadores hospitalizados: Eficacia de una intervenci\u00f3n mediante una app\">Deshabituaci\u00f3n tab\u00e1quica en fumadores hospitalizados: Eficacia de una intervenci\u00f3n mediante una...<\/a><\/h3>\r\n        <\/div>\r\n\r\n        \n\t<\/div> <!-- .\/td-block-span4 -->\n\n\t<div class=\"td-block-span4\">\n\r\n        <div class=\"td_module_mx4 td_module_wrap td-animation-stack\">\r\n            <div class=\"td-module-image\">\r\n                <div class=\"td-module-thumb\"><a href=\"https:\/\/ramib.org\/oficial\/index.php\/2024\/02\/24\/mitos-de-la-conducta-suicida-2\/\" rel=\"bookmark\" class=\"td-image-wrap\" title=\"Mitos de la conducta suicida\"><img loading=\"lazy\" decoding=\"async\" width=\"218\" height=\"150\" class=\"entry-thumb\" src=\"https:\/\/ramib.org\/oficial\/wp-content\/uploads\/2024\/02\/mitossuicida-218x150.jpg\"  srcset=\"https:\/\/ramib.org\/oficial\/wp-content\/uploads\/2024\/02\/mitossuicida-218x150.jpg 218w, https:\/\/ramib.org\/oficial\/wp-content\/uploads\/2024\/02\/mitossuicida-100x70.jpg 100w\" sizes=\"(max-width: 218px) 100vw, 218px\"  alt=\"\" title=\"Mitos de la conducta suicida\" \/><span class=\"td-video-play-ico\"><img loading=\"lazy\" decoding=\"async\" width=\"40\" height=\"40\" class=\"td-retina\" src=\"https:\/\/ramib.org\/oficial\/wp-content\/plugins\/td-composer\/legacy\/Newspaper\/assets\/images\/icons\/ico-video-large.png\" alt=\"video\"\/><\/span><\/a><\/div>                            <\/div>\r\n\r\n            <h3 class=\"entry-title td-module-title\"><a href=\"https:\/\/ramib.org\/oficial\/index.php\/2024\/02\/24\/mitos-de-la-conducta-suicida-2\/\" rel=\"bookmark\" title=\"Mitos de la conducta suicida\">Mitos de la conducta suicida<\/a><\/h3>\r\n        <\/div>\r\n\r\n        \n\t<\/div> <!-- .\/td-block-span4 --><\/div><!--.\/row-fluid--><\/div><div class=\"td_ajax_infinite\" id=\"next-page-td_uid_8_69f1ed7ea9741\" data-td_block_id=\"td_uid_8_69f1ed7ea9741\"> <\/div><div class=\"td-load-more-wrap td-load-more-infinite-wrap\" id=\"infinite-lm-td_uid_8_69f1ed7ea9741\"><a href=\"#\" class=\"td_ajax_load_more td_ajax_load_more_js\" id=\"next-page-td_uid_8_69f1ed7ea9741\" data-td_block_id=\"td_uid_8_69f1ed7ea9741\">Load more<i class=\"td-icon-font td-icon-menu-down\"><\/i><\/a><\/div><\/div> <!-- .\/block --><div class=\"clearfix\"><\/div><\/div><\/div><\/div><\/div>","protected":false},"excerpt":{"rendered":"[vc_text_separator title=\"P\u00edndoles informatives de la Reial Acad\u00e8mia de Medicina dels Illes Balears\" color=\"peacoc\"] L&#8217;epicondilitis del colze: actualitzaci\u00f3 RAMIB - desembre 23, 2025 Tabaquismo: situaci\u00f3n actual y tratamiento de elecci\u00f3n RAMIB [...]","protected":false},"author":2,"featured_media":0,"parent":0,"menu_order":0,"comment_status":"closed","ping_status":"closed","template":"","meta":{"_monsterinsights_skip_tracking":false,"_monsterinsights_sitenote_active":false,"_monsterinsights_sitenote_note":"","_monsterinsights_sitenote_category":0,"footnotes":""},"_links":{"self":[{"href":"https:\/\/ramib.org\/oficial\/index.php\/wp-json\/wp\/v2\/pages\/5077"}],"collection":[{"href":"https:\/\/ramib.org\/oficial\/index.php\/wp-json\/wp\/v2\/pages"}],"about":[{"href":"https:\/\/ramib.org\/oficial\/index.php\/wp-json\/wp\/v2\/types\/page"}],"author":[{"embeddable":true,"href":"https:\/\/ramib.org\/oficial\/index.php\/wp-json\/wp\/v2\/users\/2"}],"replies":[{"embeddable":true,"href":"https:\/\/ramib.org\/oficial\/index.php\/wp-json\/wp\/v2\/comments?post=5077"}],"version-history":[{"count":23,"href":"https:\/\/ramib.org\/oficial\/index.php\/wp-json\/wp\/v2\/pages\/5077\/revisions"}],"predecessor-version":[{"id":5746,"href":"https:\/\/ramib.org\/oficial\/index.php\/wp-json\/wp\/v2\/pages\/5077\/revisions\/5746"}],"wp:attachment":[{"href":"https:\/\/ramib.org\/oficial\/index.php\/wp-json\/wp\/v2\/media?parent=5077"}],"curies":[{"name":"wp","href":"https:\/\/api.w.org\/{rel}","templated":true}]}}